{"id":275431,"date":"2020-11-24T15:42:24","date_gmt":"2020-11-24T15:42:24","guid":{"rendered":"http:\/\/www.bidc-ebid.org\/fr\/?page_id=275431"},"modified":"2024-05-23T10:53:11","modified_gmt":"2024-05-23T10:53:11","slug":"message-president","status":"publish","type":"page","link":"https:\/\/www.bidc-ebid.org\/fr\/message-president\/","title":{"rendered":"Message du Pr\u00e9sident"},"content":{"rendered":"<p>[vc_row][vc_column][g5plus_heading title=\u00a0\u00bbMessage du Pr\u00e9sident\u00a0\u00bb align=\u00a0\u00bbtext-left\u00a0\u00bb][vc_column_text]<img loading=\"lazy\" decoding=\"async\" class=\"size-full wp-image-275455 alignleft\" src=\"http:\/\/www.bidc-ebid.org\/fr\/wp-content\/uploads\/ebidpresident_350-1.jpg\" alt=\"\" width=\"350\" height=\"312\" \/>Au fil des ann\u00e9es, la Banque d\u2019investissement et de d\u00e9veloppement de la CEDEAO (BIDC) est devenue une institution de financement du d\u00e9veloppement (IFD) \u00e0 part enti\u00e8re. En tant que l\u2019une des principales IFD r\u00e9gionales, la Banque s\u2019est employ\u00e9e pendant plus de quarante ans \u00e0 aider les \u00c9tats membres \u00e0 r\u00e9soudre les probl\u00e8mes infrastructurels, sociaux et institutionnels dans la sous-r\u00e9gion de la CEDEAO \u00e0 travers le financement des projets des secteurs priv\u00e9 et public. Nous veillons toujours \u00e0 ce que chaque intervention de la Banque soit conforme \u00e0 notre vision d\u2019\u00eatre \u00ab\u00a0un instrument efficace de r\u00e9duction de la pauvret\u00e9, de cr\u00e9ation de richesses et de promotion de l\u2019emploi pour le bien-\u00eatre des populations de la sous-r\u00e9gion\u00a0\u00bb.<\/p>\n<p>La Banque ayant \u00e9t\u00e9 l\u2019IFD de la Communaut\u00e9 pendant plus de quarante ans, a acquis les connaissances et l\u2019expertise n\u00e9cessaires pour proposer des solutions ax\u00e9es sur des donn\u00e9es probantes afin de relever les d\u00e9fis auxquels sont confront\u00e9s les \u00c9tats membres. Intervenant dans certaines des communaut\u00e9s les plus fragiles du monde, la BIDC a d\u00fb faire face \u00e0 de tr\u00e8s graves probl\u00e8mes socio-\u00e9conomiques. En r\u00e9ponse \u00e0 ces d\u00e9fis, nous avons toujours tir\u00e9 pleinement parti de nos capacit\u00e9s collectives uniques en optimisant et en adaptant continuellement notre mod\u00e8le d\u2019entreprise pour proposer une valeur ajout\u00e9e \u00e0 notre client\u00e8le.<\/p>\n<p>Alors que nous continuons \u00e0 avoir un impact positif et \u00e0 transformer la vie de millions de personnes dans la sous-r\u00e9gion de la CEDEAO, nous cherchons \u00e9galement \u00e0 accro\u00eetre nos ressources, \u00e0 renforcer nos capacit\u00e9s existantes, \u00e0 mettre en \u0153uvre des mod\u00e8les d\u2019entreprise innovants et \u00e0 maintenir notre position de chef de file dans la conduite d\u2019initiatives rentables, durables et socialement b\u00e9n\u00e9fiques. Nous continuerons d\u2019\u00eatre \u00e0 l\u2019\u00e9coute et au service de nos clients dans notre qu\u00eate de lutte contre le ch\u00f4mage, la pauvret\u00e9, le changement climatique et l\u2019injustice sociale.<\/p>\n<p>Nous privil\u00e9gierons la Communaut\u00e9, tout en respectant les principes d\u2019int\u00e9grit\u00e9, de leadership et d\u2019excellence dans l\u2019ex\u00e9cution des imp\u00e9ratifs de notre partenariat socio-\u00e9conomique avec les populations de la sous-r\u00e9gion.<\/p>\n<p><strong>Dr George Agyekum DONKOR<\/strong><br \/>\nPr\u00e9sident de la BIDC, Pr\u00e9sident du Conseil d\u2019administration[\/vc_column_text][\/vc_column][\/vc_row]<\/p>\n","protected":false},"excerpt":{"rendered":"<p>[vc_row][vc_column][g5plus_heading title=\u00a0\u00bbMessage du Pr\u00e9sident\u00a0\u00bb align=\u00a0\u00bbtext-left\u00a0\u00bb][vc_column_text]Au fil des ann\u00e9es, la Banque d\u2019investissement et de d\u00e9veloppement de la CEDEAO (BIDC) est devenue une institution de financement du d\u00e9veloppement (IFD) \u00e0 part enti\u00e8re. En tant que l\u2019une des principales IFD r\u00e9gionales, la Banque s\u2019est employ\u00e9e pendant plus de quarante ans \u00e0 aider les \u00c9tats membres \u00e0 r\u00e9soudre les [&hellip;]<\/p>\n","protected":false},"author":1,"featured_media":0,"parent":0,"menu_order":0,"comment_status":"closed","ping_status":"closed","template":"","meta":{"footnotes":""},"class_list":["post-275431","page","type-page","status-publish","hentry"],"jetpack_sharing_enabled":true,"_links":{"self":[{"href":"https:\/\/www.bidc-ebid.org\/fr\/wp-json\/wp\/v2\/pages\/275431","targetHints":{"allow":["GET"]}}],"collection":[{"href":"https:\/\/www.bidc-ebid.org\/fr\/wp-json\/wp\/v2\/pages"}],"about":[{"href":"https:\/\/www.bidc-ebid.org\/fr\/wp-json\/wp\/v2\/types\/page"}],"author":[{"embeddable":true,"href":"https:\/\/www.bidc-ebid.org\/fr\/wp-json\/wp\/v2\/users\/1"}],"replies":[{"embeddable":true,"href":"https:\/\/www.bidc-ebid.org\/fr\/wp-json\/wp\/v2\/comments?post=275431"}],"version-history":[{"count":9,"href":"https:\/\/www.bidc-ebid.org\/fr\/wp-json\/wp\/v2\/pages\/275431\/revisions"}],"predecessor-version":[{"id":277023,"href":"https:\/\/www.bidc-ebid.org\/fr\/wp-json\/wp\/v2\/pages\/275431\/revisions\/277023"}],"wp:attachment":[{"href":"https:\/\/www.bidc-ebid.org\/fr\/wp-json\/wp\/v2\/media?parent=275431"}],"curies":[{"name":"wp","href":"https:\/\/api.w.org\/{rel}","templated":true}]}}