{"id":275360,"date":"2020-11-19T15:06:41","date_gmt":"2020-11-19T15:06:41","guid":{"rendered":"http:\/\/www.bidc-ebid.org\/fr\/?page_id=275360"},"modified":"2025-10-28T11:53:36","modified_gmt":"2025-10-28T11:53:36","slug":"senegal","status":"publish","type":"page","link":"https:\/\/www.bidc-ebid.org\/fr\/pays\/senegal\/","title":{"rendered":"S\u00e9n\u00e9gal"},"content":{"rendered":"<p><strong><img loading=\"lazy\" decoding=\"async\" class=\"alignleft size-full wp-image-276762\" src=\"https:\/\/www.bidc-ebid.org\/fr\/wp-content\/uploads\/banner_SENEGAL.jpg\" alt=\"\" width=\"1000\" height=\"300\" srcset=\"https:\/\/www.bidc-ebid.org\/fr\/wp-content\/uploads\/banner_SENEGAL.jpg 1000w, https:\/\/www.bidc-ebid.org\/fr\/wp-content\/uploads\/banner_SENEGAL-300x90.jpg 300w, https:\/\/www.bidc-ebid.org\/fr\/wp-content\/uploads\/banner_SENEGAL-768x230.jpg 768w\" sizes=\"auto, (max-width: 1000px) 100vw, 1000px\" \/><\/strong><\/p>\n<hr \/>\n<h3>Performance macro\u00e9conomique<\/h3>\n<p><strong>Tableau\u00a01<\/strong> : Aper\u00e7u de quelques indicateurs macro\u00e9conomiques<br \/>\n<img loading=\"lazy\" decoding=\"async\" class=\"wp-image-277771 size-full alignnone\" src=\"https:\/\/www.bidc-ebid.org\/fr\/wp-content\/uploads\/Tableau-SENEGAL-FR.png\" alt=\"\" width=\"1000\" height=\"500\" srcset=\"https:\/\/www.bidc-ebid.org\/fr\/wp-content\/uploads\/Tableau-SENEGAL-FR.png 1000w, https:\/\/www.bidc-ebid.org\/fr\/wp-content\/uploads\/Tableau-SENEGAL-FR-300x150.png 300w, https:\/\/www.bidc-ebid.org\/fr\/wp-content\/uploads\/Tableau-SENEGAL-FR-768x384.png 768w\" sizes=\"auto, (max-width: 1000px) 100vw, 1000px\" \/><br \/>\nEn 2023, l\u2019\u00e9conomie s\u00e9n\u00e9galaise a connu une croissance de 4,1 pour cent, contre 4,0 pour cent en 2022. Cette faible croissance, au regard des pr\u00e9visions, s\u2019explique par les tensions politiques et les troubles sociaux qui ont entrav\u00e9 la croissance de l\u2019activit\u00e9 \u00e9conomique. L\u2019inflation moyenne est repass\u00e9e \u00e0 5,9 pour cent en 2023, apr\u00e8s avoir culmin\u00e9 \u00e0 9,7 pour cent en 2022, gr\u00e2ce \u00e0 la baisse des prix des denr\u00e9es alimentaires et de l\u2019\u00e9nergie. Le solde budg\u00e9taire s\u2019est r\u00e9duit \u00e0 -4,9 pour cent du PIB en 2023, contre -6,6 pour cent en 2022, la croissance des recettes ayant \u00e9t\u00e9 sup\u00e9rieure \u00e0 celle des d\u00e9penses. La dette publique a progress\u00e9 pour atteindre 79,6 pour cent du PIB, contre 76,0 pour cent du PIB en 2022, tandis que le solde du compte courant s\u2019est am\u00e9lior\u00e9, passant de -19,9 pour cent du PIB en 2022 \u00e0 -15,1 pour cent en 2023.<\/p>\n<h3>Perspective<\/h3>\n<p>Selon les projections, le PIB devrait cro\u00eetre de mani\u00e8re substantielle pour atteindre 7,6 pour cent en 2024, puis 8,7 pour cent en 2025, gr\u00e2ce \u00e0 une activit\u00e9 accrue dans le secteur p\u00e9trolier, avec la mise en service de nouveaux puits de production, ainsi qu\u2019\u00e0 une nouvelle production d\u2019or et de phosphate. L\u2019inflation moyenne devrait rester sur une trajectoire baissi\u00e8re, passant \u00e0 3,6 pour cent en 2024 et \u00e0 2,1 pour cent en 2025, gr\u00e2ce \u00e0 la poursuite de la baisse des prix des denr\u00e9es alimentaires. Le solde budg\u00e9taire devrait s\u2019am\u00e9liorer pour atteindre -3,9 pour cent du PIB en 2024, puis -3,1 pour cent du PIB en 2025, le secteur p\u00e9trolier devrait am\u00e9liorer la marge budg\u00e9taire gr\u00e2ce \u00e0 l\u2019int\u00e9gration de nouvelles rentes tir\u00e9es des ressources. Le ratio dette\/PIB devrait diminuer pour atteindre 72,5 pour cent en 2024 et 67,6 pour cent en 2025. Le solde du compte courant devrait continuer \u00e0 s\u2019am\u00e9liorer pour atteindre -11,1 pour cent du PIB en 2024 et -6 pour cent du PIB en 2025, gr\u00e2ce au lancement et \u00e0 la mont\u00e9e en puissance des exportations de nouvelles ressources.<\/p>\n<h3>D\u00e9fis \u00e0 relever<\/h3>\n<p>Les risques associ\u00e9s aux projections englobent les exportations vers la r\u00e9gion sah\u00e9lienne si le Burkina Faso, le Mali et le Niger mettent en \u0153uvre leur d\u00e9cision de quitter la Communaut\u00e9. Un retard suppl\u00e9mentaire dans la production de p\u00e9trole \u00e0 partir des nouveaux champs entra\u00eenera une r\u00e9duction significative des Perspectives de croissance. Une augmentation persistante des prix du p\u00e9trole brut, bien que positive en termes de recettes, constituera une menace s\u00e9rieuse pour le secteur r\u00e9el de l\u2019\u00e9conomie.<\/p>\n","protected":false},"excerpt":{"rendered":"<p>Performance macro\u00e9conomique Tableau\u00a01 : Aper\u00e7u de quelques indicateurs macro\u00e9conomiques En 2023, l\u2019\u00e9conomie s\u00e9n\u00e9galaise a connu une croissance de 4,1 pour cent, contre 4,0 pour cent en 2022. Cette faible croissance, au regard des pr\u00e9visions, s\u2019explique par les tensions politiques et les troubles sociaux qui ont entrav\u00e9 la croissance de l\u2019activit\u00e9 \u00e9conomique. L\u2019inflation moyenne est repass\u00e9e [&hellip;]<\/p>\n","protected":false},"author":1,"featured_media":0,"parent":25944,"menu_order":0,"comment_status":"closed","ping_status":"closed","template":"","meta":{"footnotes":""},"class_list":["post-275360","page","type-page","status-publish","hentry"],"jetpack_sharing_enabled":true,"_links":{"self":[{"href":"https:\/\/www.bidc-ebid.org\/fr\/wp-json\/wp\/v2\/pages\/275360","targetHints":{"allow":["GET"]}}],"collection":[{"href":"https:\/\/www.bidc-ebid.org\/fr\/wp-json\/wp\/v2\/pages"}],"about":[{"href":"https:\/\/www.bidc-ebid.org\/fr\/wp-json\/wp\/v2\/types\/page"}],"author":[{"embeddable":true,"href":"https:\/\/www.bidc-ebid.org\/fr\/wp-json\/wp\/v2\/users\/1"}],"replies":[{"embeddable":true,"href":"https:\/\/www.bidc-ebid.org\/fr\/wp-json\/wp\/v2\/comments?post=275360"}],"version-history":[{"count":5,"href":"https:\/\/www.bidc-ebid.org\/fr\/wp-json\/wp\/v2\/pages\/275360\/revisions"}],"predecessor-version":[{"id":277772,"href":"https:\/\/www.bidc-ebid.org\/fr\/wp-json\/wp\/v2\/pages\/275360\/revisions\/277772"}],"up":[{"embeddable":true,"href":"https:\/\/www.bidc-ebid.org\/fr\/wp-json\/wp\/v2\/pages\/25944"}],"wp:attachment":[{"href":"https:\/\/www.bidc-ebid.org\/fr\/wp-json\/wp\/v2\/media?parent=275360"}],"curies":[{"name":"wp","href":"https:\/\/api.w.org\/{rel}","templated":true}]}}